{"id":1080,"date":"2020-05-15T19:19:28","date_gmt":"2020-05-15T17:19:28","guid":{"rendered":"https:\/\/daychartermallorca.es\/galeria-copy\/"},"modified":"2021-03-18T15:17:22","modified_gmt":"2021-03-18T13:17:22","slug":"excursiones","status":"publish","type":"page","link":"https:\/\/daychartermallorca.es\/en\/excursiones\/","title":{"rendered":"Excursions"},"content":{"rendered":"<div id=\"themify_builder_content-1080\" data-postid=\"1080\" class=\"themify_builder_content themify_builder_content-1080 themify_builder\">\n    \t<!-- module_row -->\n\t<div   class=\"themify_builder_row module_row clearfix fullcover module_row_0 themify_builder_1080_row module_row_1080-0 tb_axrf054 hide-mobile\">\n\t    <div class=\"builder_row_cover\"><\/div>\t    <div class=\"row_inner col_align_top\" >\n\t\t\t<div  class=\"module_column tb-column col-full first tb_1080_column module_column_0 module_column_1080-0-0 tb_lqrt400 repeat\" >\n\t    \t    \t<\/div>\n\t\t    <\/div>\n\t    <!-- \/row_inner -->\n\t<\/div>\n\t<!-- \/module_row -->\n\t\t<!-- module_row -->\n\t<div   class=\"themify_builder_row module_row clearfix fullcover module_row_1 themify_builder_1080_row module_row_1080-1 tb_brbv753 hide-desktop hide-tablet hide-tablet_landscape\">\n\t    <div class=\"builder_row_cover\"><\/div>\t    <div class=\"row_inner col_align_top\" >\n\t\t\t<div  class=\"module_column tb-column col-full first tb_1080_column module_column_0 module_column_1080-1-0 tb_yo1i754 repeat\" >\n\t    \t    \t<\/div>\n\t\t    <\/div>\n\t    <!-- \/row_inner -->\n\t<\/div>\n\t<!-- \/module_row -->\n\t\t<!-- module_row -->\n\t<div   class=\"themify_builder_row module_row clearfix repeat module_row_2 themify_builder_1080_row module_row_1080-2 tb_4ibm966 hide-mobile\">\n\t    \t    <div class=\"row_inner col_align_top\" >\n\t\t\t<div  class=\"module_column tb-column col-full first tb_1080_column module_column_0 module_column_1080-2-0 tb_9bgh600 repeat\" >\n\t    \t    \t        <div class=\"tb-column-inner\">\n\t\t    <!-- module text -->\n<div  class=\"module module-text tb_rgfe110     hide-mobile\">\n            <div  class=\"tb_text_wrap\">\n    <h2><strong>Our excursions<\/strong><\/h2>    <\/div>\n<\/div>\n<!-- \/module text -->\n\t<div  class=\"themify_builder_sub_row module_subrow clearfix sub_row_2-0-1 tb_xmje409\">\n\t    \t    <div class=\"subrow_inner col_align_top\" >\n\t\t\t<div  class=\"sub_column module_column col-full first sub_column_post_1080 sub_column_2-0-1-0 tb_ago3411\" > \n\t    \t    \t        <div class=\"tb-column-inner\">\n\t\t        <div class=\"tb_slider_loader\"><\/div>\n    <div  class=\"module clearfix themify_builder_slider_wrap module-slider tb_n9c0178  slider-agency\">\n\t                <ul class=\"themify_builder_slider\"\n\t    data-id=\"tb_n9c0178\"\n            data-visible=\"1\"\n            data-tab-visible=\"0\"\n            data-mob-visible=\"0\"\n            data-scroll=\"1\"\n            data-auto-scroll=\"4\"\n            data-speed=\"1\"\n            data-wrap=\"yes\"\n            data-arrow=\"yes\"\n            data-pagination=\"yes\"\n            data-effect=\"scroll\" \n            data-height=\"auto\"\n            data-pause-on-hover=\"resume\"\n            data-play-controller=\"no\"\n            data-horizontal=\"no\"\n            >\n                    <!-- module slider image -->\n\n                    <li>\n            <div class=\"slide-inner-wrap\">\n                                    <div class=\"slide-image\">\n                                                                            <img loading=\"lazy\" decoding=\"async\" src=\"https:\/\/daychartermallorca.es\/wp-content\/uploads\/2020\/05\/rutas-600x500.jpg\" width=\"600\" height=\"500\" class=\"wp-post-image wp-image-1094\" alt=\"Descubre la bah\u00eda de Palma\" \/>                                            <\/div><!-- \/slide-image -->\n                \n                                    <div class=\"slide-content tb_text_wrap\">\n\n                                                    <h3 class=\"slide-title\">\n                                                                    Discover the Bay of Palma                                                            <\/h3>\n                        \n                        The bay of Palma is one of the best places in the world to sail, thanks to the characteristic wind from sea to land (embat).\n\nDepending on the wind direction or your preferences, we will sail east or west of the Bay of Palma.                    <\/div><!-- \/slide-content -->\n                            <\/div>\n        <\/li>\n                    <li>\n            <div class=\"slide-inner-wrap\">\n                                    <div class=\"slide-image\">\n                                                                            <img loading=\"lazy\" decoding=\"async\" src=\"https:\/\/daychartermallorca.es\/wp-content\/uploads\/2020\/05\/portalsvells-1024x1024-600x500.jpg\" width=\"600\" height=\"500\" class=\"wp-post-image wp-image-1092\" alt=\"Rutas hacia el oeste\" \/>                                            <\/div><!-- \/slide-image -->\n                \n                                    <div class=\"slide-content tb_text_wrap\">\n\n                                                    <h3 class=\"slide-title\">\n                                                                    West routes                                                            <\/h3>\n                        \n                        Towards the West of the Bay, we will be able to see the city of Palma from the sea, where the Cathedral and the Bellver Castle emerge as protagonists. We will pass through the port of Palma, which has some of the best sailing clubs and we will be able to see the largest and most luxurious yachts in the world.\n\nA few miles we will arrive at Illetas, where we can always anchor sheltered and calm. Immediately we will pass through the Port of Portals (one of the most luxurious in the world), and further west, Punta Negra, Cala Vi\u00f1as and Cala Portals Vells, with three beaches with a sandy bottom and transparent waters.                    <\/div><!-- \/slide-content -->\n                            <\/div>\n        <\/li>\n                    <li>\n            <div class=\"slide-inner-wrap\">\n                                    <div class=\"slide-image\">\n                                                                            <img loading=\"lazy\" decoding=\"async\" src=\"https:\/\/daychartermallorca.es\/wp-content\/uploads\/2020\/05\/calavella-1024x768-600x500.jpg\" width=\"600\" height=\"500\" class=\"wp-post-image wp-image-1090\" alt=\"Rutas hacia el este\" \/>                                            <\/div><!-- \/slide-image -->\n                \n                                    <div class=\"slide-content tb_text_wrap\">\n\n                                                    <h3 class=\"slide-title\">\n                                                                    East routes                                                            <\/h3>\n                        \n                        If we go east, we will sail parallel to the Playa de Palma, and we will pass through Son Ver\u00ed, where we will enter the Green Cave and we will be able to jump from the imposing cliffs. We will sail to the Cap Enderrocat marine reserve. We will visit marine caves, inaccessible virgin beaches such as Cala Vella, and a multitude of small corners of the coast with turquoise waters and white sand.                    <\/div><!-- \/slide-content -->\n                            <\/div>\n        <\/li>\n            <\/ul>\n    <\/div>\n        \t        <\/div>\n\t    \t<\/div>\n\t\t    <\/div>\n\t<\/div><!-- \/themify_builder_sub_row -->\n\t\t        <\/div>\n\t    \t<\/div>\n\t\t    <\/div>\n\t    <!-- \/row_inner -->\n\t<\/div>\n\t<!-- \/module_row -->\n\t\t<!-- module_row -->\n\t<div   class=\"themify_builder_row module_row clearfix module_row_3 themify_builder_1080_row module_row_1080-3 tb_sx4o305\">\n\t    \t    <div class=\"row_inner col_align_top\" >\n\t\t\t<div  class=\"module_column tb-column col-full first tb_1080_column module_column_0 module_column_1080-3-0 tb_hrba305\">\n\t    \t    \t        <div class=\"tb-column-inner\">\n\t\t    <!-- module text -->\n<div  class=\"module module-text tb_lz82312     hide-desktop\">\n            <div  class=\"tb_text_wrap\">\n    <h2><strong>Our excursions<\/strong><\/h2>    <\/div>\n<\/div>\n<!-- \/module text -->\n\t        <\/div>\n\t    \t<\/div>\n\t\t    <\/div>\n\t    <!-- \/row_inner -->\n\t<\/div>\n\t<!-- \/module_row -->\n\t\t<!-- module_row -->\n\t<div   class=\"themify_builder_row module_row clearfix module_row_4 themify_builder_1080_row module_row_1080-4 tb_e7d2846 hide-desktop hide-tablet hide-tablet_landscape\">\n\t    \t    <div class=\"row_inner col_align_top\" >\n\t\t\t<div  class=\"module_column tb-column col3-1 first tb_1080_column module_column_0 module_column_1080-4-0 tb_mros846\">\n\t    \t    \t        <div class=\"tb-column-inner\">\n\t\t    <!-- module text -->\n<div  class=\"module module-text tb_76cg848  repeat\">\n            <div  class=\"tb_text_wrap\">\n    <h3 style=\"text-align: left;\">Discover the Bay of Palma<\/h3>    <\/div>\n<\/div>\n<!-- \/module text -->\n    <!-- module image -->\n    <div  class=\"module module-image tb_osth848 rounded drop-shadow bordered image-center   wow pulse animation_effect_delay_0.3\">\n\t                <div class=\"image-wrap\">\n                            <img loading=\"lazy\" decoding=\"async\" width=\"715\" height=\"514\" src=\"https:\/\/daychartermallorca.es\/wp-content\/uploads\/2020\/05\/rutas.jpg\" class=\"wp-post-image wp-image-1094\" alt=\"Rutas excursiones daychartermallorca\" srcset=\"https:\/\/daychartermallorca.es\/wp-content\/uploads\/2020\/05\/rutas.jpg 715w, https:\/\/daychartermallorca.es\/wp-content\/uploads\/2020\/05\/rutas-300x216.jpg 300w, https:\/\/daychartermallorca.es\/wp-content\/uploads\/2020\/05\/rutas-834x600.jpg 834w, https:\/\/daychartermallorca.es\/wp-content\/uploads\/2020\/05\/rutas-700x503.jpg 700w, https:\/\/daychartermallorca.es\/wp-content\/uploads\/2020\/05\/rutas-1112x800.jpg 1112w\" sizes=\"auto, (max-width: 715px) 100vw, 715px\" \/>            \n                        <\/div>\n            <!-- \/image-wrap -->\n        \n        \n        <\/div>\n    <!-- \/module image -->\n<!-- module text -->\n<div  class=\"module module-text tb_kgrp177  repeat\">\n            <div  class=\"tb_text_wrap\">\n    <p>The bay of Palma is one of the best places in the world to sail, thanks to the characteristic wind from sea to land (embat).\n\nDepending on the wind direction or your preferences, we will sail east or west of the Bay of Palma.<\/p>    <\/div>\n<\/div>\n<!-- \/module text -->\n\t        <\/div>\n\t    \t<\/div>\n\t\t<div  class=\"module_column tb-column col3-1 middle tb_1080_column module_column_1 module_column_1080-4-1 tb_cqmu848\">\n\t    \t    \t        <div class=\"tb-column-inner\">\n\t\t    <!-- module text -->\n<div  class=\"module module-text tb_sg4s849  repeat\">\n            <div  class=\"tb_text_wrap\">\n    <h3 style=\"text-align: left;\">West routes<\/h3>    <\/div>\n<\/div>\n<!-- \/module text -->\n    <!-- module image -->\n    <div  class=\"module module-image tb_1nqv849 rounded drop-shadow bordered image-center   wow pulse animation_effect_delay_0.3\">\n\t                <div class=\"image-wrap\">\n                            <img loading=\"lazy\" decoding=\"async\" width=\"1334\" height=\"1334\" src=\"https:\/\/daychartermallorca.es\/wp-content\/uploads\/2020\/05\/portalsvells.jpg\" class=\"wp-post-image wp-image-1092\" alt=\"Portals Vells daychartermallorca\" srcset=\"https:\/\/daychartermallorca.es\/wp-content\/uploads\/2020\/05\/portalsvells.jpg 1334w, https:\/\/daychartermallorca.es\/wp-content\/uploads\/2020\/05\/portalsvells-300x300.jpg 300w, https:\/\/daychartermallorca.es\/wp-content\/uploads\/2020\/05\/portalsvells-1024x1024.jpg 1024w, https:\/\/daychartermallorca.es\/wp-content\/uploads\/2020\/05\/portalsvells-150x150.jpg 150w, https:\/\/daychartermallorca.es\/wp-content\/uploads\/2020\/05\/portalsvells-768x768.jpg 768w, https:\/\/daychartermallorca.es\/wp-content\/uploads\/2020\/05\/portalsvells-1024x1024-600x600.jpg 600w, https:\/\/daychartermallorca.es\/wp-content\/uploads\/2020\/05\/portalsvells-1024x1024-700x700.jpg 700w, https:\/\/daychartermallorca.es\/wp-content\/uploads\/2020\/05\/portalsvells-1024x1024-800x800.jpg 800w\" sizes=\"auto, (max-width: 1334px) 100vw, 1334px\" \/>            \n                        <\/div>\n            <!-- \/image-wrap -->\n        \n        \n        <\/div>\n    <!-- \/module image -->\n<!-- module text -->\n<div  class=\"module module-text tb_9bhm893  repeat\">\n            <div  class=\"tb_text_wrap\">\n    <p>Towards the West of the Bay, we will be able to see the city of Palma from the sea, where the Cathedral and the Bellver Castle emerge as protagonists. We will pass through the port of Palma, which has some of the best sailing clubs and we will be able to see the largest and most luxurious yachts in the world.\n\nA few miles we will arrive at Illetas, where we can always anchor sheltered and calm. Immediately we will pass through the Port of Portals (one of the most luxurious in the world), and further west, Punta Negra, Cala Vi\u00f1as and Cala Portals Vells, with three beaches with a sandy bottom and transparent waters.<\/p>    <\/div>\n<\/div>\n<!-- \/module text -->\n\t        <\/div>\n\t    \t<\/div>\n\t\t<div  class=\"module_column tb-column col3-1 last tb_1080_column module_column_2 module_column_1080-4-2 tb_vw2t849\">\n\t    \t    \t        <div class=\"tb-column-inner\">\n\t\t    <!-- module text -->\n<div  class=\"module module-text tb_cbcz849  repeat\">\n            <div  class=\"tb_text_wrap\">\n    <h3 style=\"text-align: left;\">East routes<\/h3>    <\/div>\n<\/div>\n<!-- \/module text -->\n    <!-- module image -->\n    <div  class=\"module module-image tb_olr3849 rounded drop-shadow bordered image-center   wow pulse animation_effect_delay_0.3\">\n\t                <div class=\"image-wrap\">\n                            <img loading=\"lazy\" decoding=\"async\" width=\"1200\" height=\"900\" src=\"https:\/\/daychartermallorca.es\/wp-content\/uploads\/2020\/05\/calavella.jpg\" class=\"wp-post-image wp-image-1090\" alt=\"Cala Vella daychartermallorca\" srcset=\"https:\/\/daychartermallorca.es\/wp-content\/uploads\/2020\/05\/calavella.jpg 1200w, https:\/\/daychartermallorca.es\/wp-content\/uploads\/2020\/05\/calavella-300x225.jpg 300w, https:\/\/daychartermallorca.es\/wp-content\/uploads\/2020\/05\/calavella-1024x768.jpg 1024w, https:\/\/daychartermallorca.es\/wp-content\/uploads\/2020\/05\/calavella-768x576.jpg 768w, https:\/\/daychartermallorca.es\/wp-content\/uploads\/2020\/05\/calavella-1024x768-800x600.jpg 800w, https:\/\/daychartermallorca.es\/wp-content\/uploads\/2020\/05\/calavella-1024x768-700x525.jpg 700w, https:\/\/daychartermallorca.es\/wp-content\/uploads\/2020\/05\/calavella-1024x768-1066x800.jpg 1066w\" sizes=\"auto, (max-width: 1200px) 100vw, 1200px\" \/>            \n                        <\/div>\n            <!-- \/image-wrap -->\n        \n        \n        <\/div>\n    <!-- \/module image -->\n<!-- module text -->\n<div  class=\"module module-text tb_8rf743  repeat\">\n            <div  class=\"tb_text_wrap\">\n    <p>If we go east, we will sail parallel to the Playa de Palma, and we will pass through Son Ver\u00ed, where we will enter the Green Cave and we will be able to jump from the imposing cliffs. We will sail to the Cap Enderrocat marine reserve. We will visit marine caves, inaccessible virgin beaches such as Cala Vella, and a multitude of small corners of the coast with turquoise waters and white sand.<\/p>    <\/div>\n<\/div>\n<!-- \/module text -->\n\t        <\/div>\n\t    \t<\/div>\n\t\t    <\/div>\n\t    <!-- \/row_inner -->\n\t<\/div>\n\t<!-- \/module_row -->\n\t<\/div>","protected":false},"excerpt":{"rendered":"<p>Nuestras excursiones Descubre la bah\u00eda de Palma La bah\u00eda de Palma es uno de los mejores lugares del mundo para navegar a vela, gracias al caracter\u00edstico viento de mar a tierra (embat). Dependiendo de la direcci\u00f3n del viento o de vuestras preferencias, navegaremos hacia el Este o hacia el Oeste de la Bah\u00eda de Palma. [&hellip;]<\/p>","protected":false},"author":1,"featured_media":0,"parent":0,"menu_order":0,"comment_status":"closed","ping_status":"closed","template":"","meta":{"footnotes":""},"class_list":["post-1080","page","type-page","status-publish","hentry","has-post-title","has-post-date","has-post-category","has-post-tag","has-post-comment","has-post-author",""],"yoast_head":"<!-- This site is optimized with the Yoast SEO plugin v24.7 - https:\/\/yoast.com\/wordpress\/plugins\/seo\/ -->\n<title>Excursiones - daychartermallorca.es<\/title>\n<meta name=\"robots\" content=\"index, follow, max-snippet:-1, max-image-preview:large, max-video-preview:-1\" \/>\n<link rel=\"canonical\" href=\"https:\/\/daychartermallorca.es\/en\/excursiones\/\" \/>\n<meta property=\"og:locale\" content=\"en_GB\" \/>\n<meta property=\"og:type\" content=\"article\" \/>\n<meta property=\"og:title\" content=\"Excursiones - daychartermallorca.es\" \/>\n<meta property=\"og:description\" content=\"Nuestras excursiones Descubre la bah\u00eda de Palma La bah\u00eda de Palma es uno de los mejores lugares del mundo para navegar a vela, gracias al caracter\u00edstico viento de mar a tierra (embat). Dependiendo de la direcci\u00f3n del viento o de vuestras preferencias, navegaremos hacia el Este o hacia el Oeste de la Bah\u00eda de Palma. [&hellip;]\" \/>\n<meta property=\"og:url\" content=\"https:\/\/daychartermallorca.es\/en\/excursiones\/\" \/>\n<meta property=\"og:site_name\" content=\"daychartermallorca.es\" \/>\n<meta property=\"article:publisher\" content=\"http:\/\/facebook.com\/llautmaricel\" \/>\n<meta property=\"article:modified_time\" content=\"2021-03-18T13:17:22+00:00\" \/>\n<meta property=\"og:image\" content=\"https:\/\/daychartermallorca.es\/wp-content\/uploads\/2020\/05\/rutas-600x500.jpg\" \/>\n<meta name=\"twitter:card\" content=\"summary_large_image\" \/>\n<meta name=\"twitter:label1\" content=\"Estimated reading time\" \/>\n\t<meta name=\"twitter:data1\" content=\"2 minutes\" \/>\n<script type=\"application\/ld+json\" class=\"yoast-schema-graph\">{\"@context\":\"https:\/\/schema.org\",\"@graph\":[{\"@type\":\"WebPage\",\"@id\":\"https:\/\/daychartermallorca.es\/de\/excursiones\/\",\"url\":\"https:\/\/daychartermallorca.es\/de\/excursiones\/\",\"name\":\"Excursiones - daychartermallorca.es\",\"isPartOf\":{\"@id\":\"https:\/\/daychartermallorca.es\/es\/#website\"},\"primaryImageOfPage\":{\"@id\":\"https:\/\/daychartermallorca.es\/de\/excursiones\/#primaryimage\"},\"image\":{\"@id\":\"https:\/\/daychartermallorca.es\/de\/excursiones\/#primaryimage\"},\"thumbnailUrl\":\"https:\/\/daychartermallorca.es\/wp-content\/uploads\/2020\/05\/rutas-600x500.jpg\",\"datePublished\":\"2020-05-15T17:19:28+00:00\",\"dateModified\":\"2021-03-18T13:17:22+00:00\",\"breadcrumb\":{\"@id\":\"https:\/\/daychartermallorca.es\/de\/excursiones\/#breadcrumb\"},\"inLanguage\":\"en-GB\",\"potentialAction\":[{\"@type\":\"ReadAction\",\"target\":[\"https:\/\/daychartermallorca.es\/de\/excursiones\/\"]}]},{\"@type\":\"ImageObject\",\"inLanguage\":\"en-GB\",\"@id\":\"https:\/\/daychartermallorca.es\/de\/excursiones\/#primaryimage\",\"url\":\"https:\/\/daychartermallorca.es\/wp-content\/uploads\/2020\/05\/rutas-600x500.jpg\",\"contentUrl\":\"https:\/\/daychartermallorca.es\/wp-content\/uploads\/2020\/05\/rutas-600x500.jpg\"},{\"@type\":\"BreadcrumbList\",\"@id\":\"https:\/\/daychartermallorca.es\/de\/excursiones\/#breadcrumb\",\"itemListElement\":[{\"@type\":\"ListItem\",\"position\":1,\"name\":\"Portada\",\"item\":\"https:\/\/daychartermallorca.es\/es\/\"},{\"@type\":\"ListItem\",\"position\":2,\"name\":\"Excursiones\"}]},{\"@type\":\"WebSite\",\"@id\":\"https:\/\/daychartermallorca.es\/es\/#website\",\"url\":\"https:\/\/daychartermallorca.es\/es\/\",\"name\":\"daychartermallorca.es\",\"description\":\"Excursiones en barco por la Bah\u00eda de Palma\",\"publisher\":{\"@id\":\"https:\/\/daychartermallorca.es\/es\/#organization\"},\"potentialAction\":[{\"@type\":\"SearchAction\",\"target\":{\"@type\":\"EntryPoint\",\"urlTemplate\":\"https:\/\/daychartermallorca.es\/es\/?s={search_term_string}\"},\"query-input\":{\"@type\":\"PropertyValueSpecification\",\"valueRequired\":true,\"valueName\":\"search_term_string\"}}],\"inLanguage\":\"en-GB\"},{\"@type\":\"Organization\",\"@id\":\"https:\/\/daychartermallorca.es\/es\/#organization\",\"name\":\"daychartermallorca.es\",\"url\":\"https:\/\/daychartermallorca.es\/es\/\",\"logo\":{\"@type\":\"ImageObject\",\"inLanguage\":\"en-GB\",\"@id\":\"https:\/\/daychartermallorca.es\/es\/#\/schema\/logo\/image\/\",\"url\":\"\",\"contentUrl\":\"\",\"caption\":\"daychartermallorca.es\"},\"image\":{\"@id\":\"https:\/\/daychartermallorca.es\/es\/#\/schema\/logo\/image\/\"},\"sameAs\":[\"http:\/\/facebook.com\/llautmaricel\",\"https:\/\/www.instagram.com\/llautmaricel\/\"]}]}<\/script>\n<!-- \/ Yoast SEO plugin. -->","yoast_head_json":{"title":"Excursiones - daychartermallorca.es","robots":{"index":"index","follow":"follow","max-snippet":"max-snippet:-1","max-image-preview":"max-image-preview:large","max-video-preview":"max-video-preview:-1"},"canonical":"https:\/\/daychartermallorca.es\/en\/excursiones\/","og_locale":"en_GB","og_type":"article","og_title":"Excursiones - daychartermallorca.es","og_description":"Nuestras excursiones Descubre la bah\u00eda de Palma La bah\u00eda de Palma es uno de los mejores lugares del mundo para navegar a vela, gracias al caracter\u00edstico viento de mar a tierra (embat). Dependiendo de la direcci\u00f3n del viento o de vuestras preferencias, navegaremos hacia el Este o hacia el Oeste de la Bah\u00eda de Palma. [&hellip;]","og_url":"https:\/\/daychartermallorca.es\/en\/excursiones\/","og_site_name":"daychartermallorca.es","article_publisher":"http:\/\/facebook.com\/llautmaricel","article_modified_time":"2021-03-18T13:17:22+00:00","og_image":[{"url":"https:\/\/daychartermallorca.es\/wp-content\/uploads\/2020\/05\/rutas-600x500.jpg","type":"","width":"","height":""}],"twitter_card":"summary_large_image","twitter_misc":{"Estimated reading time":"2 minutes"},"schema":{"@context":"https:\/\/schema.org","@graph":[{"@type":"WebPage","@id":"https:\/\/daychartermallorca.es\/de\/excursiones\/","url":"https:\/\/daychartermallorca.es\/de\/excursiones\/","name":"Excursiones - daychartermallorca.es","isPartOf":{"@id":"https:\/\/daychartermallorca.es\/es\/#website"},"primaryImageOfPage":{"@id":"https:\/\/daychartermallorca.es\/de\/excursiones\/#primaryimage"},"image":{"@id":"https:\/\/daychartermallorca.es\/de\/excursiones\/#primaryimage"},"thumbnailUrl":"https:\/\/daychartermallorca.es\/wp-content\/uploads\/2020\/05\/rutas-600x500.jpg","datePublished":"2020-05-15T17:19:28+00:00","dateModified":"2021-03-18T13:17:22+00:00","breadcrumb":{"@id":"https:\/\/daychartermallorca.es\/de\/excursiones\/#breadcrumb"},"inLanguage":"en-GB","potentialAction":[{"@type":"ReadAction","target":["https:\/\/daychartermallorca.es\/de\/excursiones\/"]}]},{"@type":"ImageObject","inLanguage":"en-GB","@id":"https:\/\/daychartermallorca.es\/de\/excursiones\/#primaryimage","url":"https:\/\/daychartermallorca.es\/wp-content\/uploads\/2020\/05\/rutas-600x500.jpg","contentUrl":"https:\/\/daychartermallorca.es\/wp-content\/uploads\/2020\/05\/rutas-600x500.jpg"},{"@type":"BreadcrumbList","@id":"https:\/\/daychartermallorca.es\/de\/excursiones\/#breadcrumb","itemListElement":[{"@type":"ListItem","position":1,"name":"Portada","item":"https:\/\/daychartermallorca.es\/es\/"},{"@type":"ListItem","position":2,"name":"Excursiones"}]},{"@type":"WebSite","@id":"https:\/\/daychartermallorca.es\/es\/#website","url":"https:\/\/daychartermallorca.es\/es\/","name":"daychartermallorca.es","description":"Excursiones en barco por la Bah\u00eda de Palma","publisher":{"@id":"https:\/\/daychartermallorca.es\/es\/#organization"},"potentialAction":[{"@type":"SearchAction","target":{"@type":"EntryPoint","urlTemplate":"https:\/\/daychartermallorca.es\/es\/?s={search_term_string}"},"query-input":{"@type":"PropertyValueSpecification","valueRequired":true,"valueName":"search_term_string"}}],"inLanguage":"en-GB"},{"@type":"Organization","@id":"https:\/\/daychartermallorca.es\/es\/#organization","name":"daychartermallorca.es","url":"https:\/\/daychartermallorca.es\/es\/","logo":{"@type":"ImageObject","inLanguage":"en-GB","@id":"https:\/\/daychartermallorca.es\/es\/#\/schema\/logo\/image\/","url":"","contentUrl":"","caption":"daychartermallorca.es"},"image":{"@id":"https:\/\/daychartermallorca.es\/es\/#\/schema\/logo\/image\/"},"sameAs":["http:\/\/facebook.com\/llautmaricel","https:\/\/www.instagram.com\/llautmaricel\/"]}]}},"builder_content":"<h2><strong>Nuestras excursiones<\/strong><\/h2>\n<ul data-id=\"tb_n9c0178\" data-visible=\"1\" data-tab-visible=\"0\" data-mob-visible=\"0\" data-scroll=\"1\" data-auto-scroll=\"4\" data-speed=\"1\" data-wrap=\"yes\" data-arrow=\"yes\" data-pagination=\"yes\" data-effect=\"scroll\" data-height=\"auto\" data-pause-on-hover=\"resume\" data-play-controller=\"no\" data-horizontal=\"no\" > \n <li> <img loading=\"lazy\" decoding=\"async\" src=\"https:\/\/daychartermallorca.es\/wp-content\/uploads\/2020\/05\/rutas-600x500.jpg\" width=\"600\" height=\"500\" alt=\"Descubre la bah\u00eda de Palma\" \/> \n <h3> Descubre la bah\u00eda de Palma <\/h3> La bah\u00eda de Palma es uno de los mejores lugares del mundo para navegar a vela, gracias al caracter\u00edstico viento de mar a tierra (embat).\nDependiendo de la direcci\u00f3n del viento o de vuestras preferencias, navegaremos hacia el Este o hacia el Oeste de la Bah\u00eda de Palma. <\/li> <li> <img loading=\"lazy\" decoding=\"async\" src=\"https:\/\/daychartermallorca.es\/wp-content\/uploads\/2020\/05\/portalsvells-1024x1024-600x500.jpg\" width=\"600\" height=\"500\" alt=\"Rutas hacia el oeste\" \/> \n <h3> Rutas hacia el oeste <\/h3> Hacia el Oeste de la Bah\u00eda, podremos ver la ciudad de Palma desde el mar, donde la Catedral y el Castillo de Bellver emergen como protagonistas. Pasaremos por el puerto de Palma, que cuenta con algunos de los mejores clubes n\u00e1uticos y podremos ver los yates m\u00e1s grandes y lujosos del mundo. A pocas millas llegaremos a Illetas, donde siempre podremos fondear resguardados y tranquilos. En seguida pasaremos por el Puerto de Portals (uno de los m\u00e1s lujosos del mundo), y m\u00e1s al Oeste, Punta Negra , Cala Vi\u00f1as y Cala Portals Vells, con tres playas con fondo de arena y aguas transparentes. <\/li> <li> <img loading=\"lazy\" decoding=\"async\" src=\"https:\/\/daychartermallorca.es\/wp-content\/uploads\/2020\/05\/calavella-1024x768-600x500.jpg\" width=\"600\" height=\"500\" alt=\"Rutas hacia el este\" \/> \n <h3> Rutas hacia el este <\/h3> Si vamos hacia el Este, navegaremos paralelos a la Playa de Palma, y pasaremos por Son Ver\u00ed, donde entraremos en la Cueva Verde y podremos saltar desde los imponentes acantillados. Navegaremos hacia la reserva marina del Cap Enderrocat. Visitaremos cuevas marinas, playas v\u00edrgenes inaccesibles como Cala Vella, y multitud de peque\u00f1os rincones de costa con aguas turquesas y arena blanca. <\/li> <\/ul>\n<h2><strong>Nuestras excursiones<\/strong><\/h2>\n<h3 style=\"text-align: left;\">Descubre la bah\u00eda de Palma<\/h3>\n<img loading=\"lazy\" decoding=\"async\" width=\"715\" height=\"514\" src=\"https:\/\/daychartermallorca.es\/wp-content\/uploads\/2020\/05\/rutas.jpg\" alt=\"Rutas excursiones daychartermallorca\" srcset=\"https:\/\/daychartermallorca.es\/wp-content\/uploads\/2020\/05\/rutas.jpg 715w, https:\/\/daychartermallorca.es\/wp-content\/uploads\/2020\/05\/rutas-300x216.jpg 300w, https:\/\/daychartermallorca.es\/wp-content\/uploads\/2020\/05\/rutas-834x600.jpg 834w, https:\/\/daychartermallorca.es\/wp-content\/uploads\/2020\/05\/rutas-700x503.jpg 700w, https:\/\/daychartermallorca.es\/wp-content\/uploads\/2020\/05\/rutas-1112x800.jpg 1112w\" sizes=\"auto, (max-width: 715px) 100vw, 715px\" \/>\n<p>La bah\u00eda de Palma es uno de los mejores lugares del mundo para navegar a vela, gracias al caracter\u00edstico viento de mar a tierra (embat). Dependiendo de la direcci\u00f3n del viento o de vuestras preferencias, navegaremos hacia el Este o hacia el Oeste de la Bah\u00eda de Palma.<\/p>\n<h3 style=\"text-align: left;\">Rutas hacia el oeste<\/h3>\n<img loading=\"lazy\" decoding=\"async\" width=\"1334\" height=\"1334\" src=\"https:\/\/daychartermallorca.es\/wp-content\/uploads\/2020\/05\/portalsvells.jpg\" alt=\"Portals Vells daychartermallorca\" srcset=\"https:\/\/daychartermallorca.es\/wp-content\/uploads\/2020\/05\/portalsvells.jpg 1334w, https:\/\/daychartermallorca.es\/wp-content\/uploads\/2020\/05\/portalsvells-300x300.jpg 300w, https:\/\/daychartermallorca.es\/wp-content\/uploads\/2020\/05\/portalsvells-1024x1024.jpg 1024w, https:\/\/daychartermallorca.es\/wp-content\/uploads\/2020\/05\/portalsvells-150x150.jpg 150w, https:\/\/daychartermallorca.es\/wp-content\/uploads\/2020\/05\/portalsvells-768x768.jpg 768w, https:\/\/daychartermallorca.es\/wp-content\/uploads\/2020\/05\/portalsvells-1024x1024-600x600.jpg 600w, https:\/\/daychartermallorca.es\/wp-content\/uploads\/2020\/05\/portalsvells-1024x1024-700x700.jpg 700w, https:\/\/daychartermallorca.es\/wp-content\/uploads\/2020\/05\/portalsvells-1024x1024-800x800.jpg 800w\" sizes=\"auto, (max-width: 1334px) 100vw, 1334px\" \/>\n<p>Hacia el Oeste de la Bah\u00eda, podremos ver la ciudad de Palma desde el mar, donde la Catedral y el Castillo de Bellver emergen como protagonistas. Pasaremos por el puerto de Palma, que cuenta con algunos de los mejores clubes n\u00e1uticos y podremos ver los yates m\u00e1s grandes y lujosos del mundo. A pocas millas llegaremos a Illetas, donde siempre podremos fondear resguardados y tranquilos. En seguida pasaremos por el Puerto de Portals (uno de los m\u00e1s lujosos del mundo), y m\u00e1s al Oeste, Punta Negra , Cala Vi\u00f1as y Cala Portals Vells, con tres playas con fondo de arena y aguas transparentes.<\/p>\n<h3 style=\"text-align: left;\">Rutas hacia el este<\/h3>\n<img loading=\"lazy\" decoding=\"async\" width=\"1200\" height=\"900\" src=\"https:\/\/daychartermallorca.es\/wp-content\/uploads\/2020\/05\/calavella.jpg\" alt=\"Cala Vella daychartermallorca\" srcset=\"https:\/\/daychartermallorca.es\/wp-content\/uploads\/2020\/05\/calavella.jpg 1200w, https:\/\/daychartermallorca.es\/wp-content\/uploads\/2020\/05\/calavella-300x225.jpg 300w, https:\/\/daychartermallorca.es\/wp-content\/uploads\/2020\/05\/calavella-1024x768.jpg 1024w, https:\/\/daychartermallorca.es\/wp-content\/uploads\/2020\/05\/calavella-768x576.jpg 768w, https:\/\/daychartermallorca.es\/wp-content\/uploads\/2020\/05\/calavella-1024x768-800x600.jpg 800w, https:\/\/daychartermallorca.es\/wp-content\/uploads\/2020\/05\/calavella-1024x768-700x525.jpg 700w, https:\/\/daychartermallorca.es\/wp-content\/uploads\/2020\/05\/calavella-1024x768-1066x800.jpg 1066w\" sizes=\"auto, (max-width: 1200px) 100vw, 1200px\" \/>\n<p>Si vamos hacia el Este, navegaremos paralelos a la Playa de Palma, y pasaremos por Son Ver\u00ed, donde entraremos en la Cueva Verde y podremos saltar desde los imponentes acantillados. Navegaremos hacia la reserva marina del Cap Enderrocat. Visitaremos cuevas marinas, playas v\u00edrgenes inaccesibles como Cala Vella, y multitud de peque\u00f1os rincones de costa con aguas turquesas y arena blanca.<\/p>","_links":{"self":[{"href":"https:\/\/daychartermallorca.es\/en\/wp-json\/wp\/v2\/pages\/1080","targetHints":{"allow":["GET"]}}],"collection":[{"href":"https:\/\/daychartermallorca.es\/en\/wp-json\/wp\/v2\/pages"}],"about":[{"href":"https:\/\/daychartermallorca.es\/en\/wp-json\/wp\/v2\/types\/page"}],"author":[{"embeddable":true,"href":"https:\/\/daychartermallorca.es\/en\/wp-json\/wp\/v2\/users\/1"}],"replies":[{"embeddable":true,"href":"https:\/\/daychartermallorca.es\/en\/wp-json\/wp\/v2\/comments?post=1080"}],"version-history":[{"count":33,"href":"https:\/\/daychartermallorca.es\/en\/wp-json\/wp\/v2\/pages\/1080\/revisions"}],"predecessor-version":[{"id":1200,"href":"https:\/\/daychartermallorca.es\/en\/wp-json\/wp\/v2\/pages\/1080\/revisions\/1200"}],"wp:attachment":[{"href":"https:\/\/daychartermallorca.es\/en\/wp-json\/wp\/v2\/media?parent=1080"}],"curies":[{"name":"wp","href":"https:\/\/api.w.org\/{rel}","templated":true}]}}